{"id":2950,"date":"2024-05-09T23:17:02","date_gmt":"2024-05-09T22:17:02","guid":{"rendered":"http:\/\/www.voltfer.es\/?page_id=2950"},"modified":"2025-08-26T09:06:49","modified_gmt":"2025-08-26T08:06:49","slug":"viviendas","status":"publish","type":"page","link":"https:\/\/www.voltfer.es\/en\/viviendas\/","title":{"rendered":"Viviendas"},"content":{"rendered":"<div data-elementor-type=\"wp-page\" data-elementor-id=\"2950\" class=\"elementor elementor-2950\" data-elementor-post-type=\"page\">\n\t\t\t\t<div class=\"elementor-element elementor-element-f4d9490 e-con-full e-flex elementor-invisible e-con e-parent\" data-id=\"f4d9490\" data-element_type=\"container\" data-settings=\"{&quot;background_background&quot;:&quot;gradient&quot;,&quot;animation&quot;:&quot;fadeInUp&quot;}\">\n\t\t<div class=\"elementor-element elementor-element-c96e9d6 e-con-full e-flex e-con e-child\" data-id=\"c96e9d6\" data-element_type=\"container\">\n\t\t\t\t<div class=\"elementor-element elementor-element-8e82dc3 elementor-widget elementor-widget-icon-box\" data-id=\"8e82dc3\" data-element_type=\"widget\" data-widget_type=\"icon-box.default\">\n\t\t\t\t<div class=\"elementor-widget-container\">\n\t\t\t\t\t\t\t<div class=\"elementor-icon-box-wrapper\">\n\n\t\t\t\n\t\t\t\t\t\t<div class=\"elementor-icon-box-content\">\n\n\t\t\t\t\t\t\t\t\t<h1 class=\"elementor-icon-box-title\">\n\t\t\t\t\t\t<span  >\n\t\t\t\t\t\t\tViviendas\t\t\t\t\t\t<\/span>\n\t\t\t\t\t<\/h1>\n\t\t\t\t\n\t\t\t\t\t\t\t\t\t<p class=\"elementor-icon-box-description\">\n\t\t\t\t\t\tWe are specialists in the design and implementation of photovoltaic installations <br>autoconsumo para viviendas y particulares.\t\t\t\t\t<\/p>\n\t\t\t\t\n\t\t\t<\/div>\n\t\t\t\n\t\t<\/div>\n\t\t\t\t\t\t<\/div>\n\t\t\t\t<\/div>\n\t\t\t\t<\/div>\n\t\t\t\t<\/div>\n\t\t<div class=\"elementor-element elementor-element-d521c33 e-flex e-con-boxed e-con e-parent\" data-id=\"d521c33\" data-element_type=\"container\">\n\t\t\t\t\t<div class=\"e-con-inner\">\n\t\t<div class=\"elementor-element elementor-element-483870d e-con-full e-flex elementor-invisible e-con e-child\" data-id=\"483870d\" data-element_type=\"container\" id=\"industrial\" data-settings=\"{&quot;animation&quot;:&quot;fadeInLeft&quot;}\">\n\t\t\t\t<div class=\"elementor-element elementor-element-543b3de elementor-widget elementor-widget-heading\" data-id=\"543b3de\" data-element_type=\"widget\" data-widget_type=\"heading.default\">\n\t\t\t\t<div class=\"elementor-widget-container\">\n\t\t\t\t\t<h2 class=\"elementor-heading-title elementor-size-default\">01<\/h2>\t\t\t\t<\/div>\n\t\t\t\t<\/div>\n\t\t\t\t<div class=\"elementor-element elementor-element-79f8223 elementor-widget elementor-widget-heading\" data-id=\"79f8223\" data-element_type=\"widget\" data-widget_type=\"heading.default\">\n\t\t\t\t<div class=\"elementor-widget-container\">\n\t\t\t\t\t<h2 class=\"elementor-heading-title elementor-size-default\">Autoconsumo fotovoltaico residencial<\/h2>\t\t\t\t<\/div>\n\t\t\t\t<\/div>\n\t\t\t\t<div class=\"elementor-element elementor-element-3bad1ba elementor-widget elementor-widget-text-editor\" data-id=\"3bad1ba\" data-element_type=\"widget\" data-widget_type=\"text-editor.default\">\n\t\t\t\t<div class=\"elementor-widget-container\">\n\t\t\t\t\t\t\t\t\t<p>La energ\u00eda fotovoltaica residencial es una forma cada vez m\u00e1s popular de generar electricidad en los hogares utilizando paneles solares instalados en techos u otras \u00e1reas de la propiedad. Esta tecnolog\u00eda aprovecha la energ\u00eda del sol para producir electricidad de manera limpia y sostenible, lo que permite a los propietarios de viviendas reducir su dependencia de la red el\u00e9ctrica convencional, ahorrar dinero en facturas de energ\u00eda y contribuir a la protecci\u00f3n del medio ambiente.<\/p><p>La energ\u00eda fotovoltaica residencial ofrece una forma limpia, econ\u00f3mica y sostenible de satisfacer las necesidades energ\u00e9ticas de los hogares, permitiendo a los propietarios disfrutar de independencia energ\u00e9tica, ahorros significativos y una contribuci\u00f3n positiva al medio ambiente. <\/p>\t\t\t\t\t\t\t\t<\/div>\n\t\t\t\t<\/div>\n\t\t\t\t<div class=\"elementor-element elementor-element-06a5841 elementor-align-left elementor-widget elementor-widget-button\" data-id=\"06a5841\" data-element_type=\"widget\" data-widget_type=\"button.default\">\n\t\t\t\t<div class=\"elementor-widget-container\">\n\t\t\t\t\t\t\t\t\t<div class=\"elementor-button-wrapper\">\n\t\t\t\t\t<a class=\"elementor-button elementor-button-link elementor-size-sm\" href=\"http:\/\/www.voltfer.es\/en\/viviendas\/autoconsumo-fotovoltaico-residencial-galicia\/\">\n\t\t\t\t\t\t<span class=\"elementor-button-content-wrapper\">\n\t\t\t\t\t\t\t\t\t<span class=\"elementor-button-text\">M\u00e1s informaci\u00f3n<\/span>\n\t\t\t\t\t<\/span>\n\t\t\t\t\t<\/a>\n\t\t\t\t<\/div>\n\t\t\t\t\t\t\t\t<\/div>\n\t\t\t\t<\/div>\n\t\t\t\t<\/div>\n\t\t<div class=\"elementor-element elementor-element-18d8ba0 e-con-full e-flex e-con e-child\" data-id=\"18d8ba0\" data-element_type=\"container\">\n\t\t\t\t<div class=\"elementor-element elementor-element-b6c35dd elementor-invisible elementor-widget elementor-widget-image\" data-id=\"b6c35dd\" data-element_type=\"widget\" data-settings=\"{&quot;_animation&quot;:&quot;fadeInRight&quot;}\" data-widget_type=\"image.default\">\n\t\t\t\t<div class=\"elementor-widget-container\">\n\t\t\t\t\t\t\t\t\t\t\t\t\t\t\t<img fetchpriority=\"high\" decoding=\"async\" width=\"1024\" height=\"763\" src=\"https:\/\/www.voltfer.es\/wp-content\/uploads\/2024\/05\/solar-hogar-1.jpg\" class=\"attachment-full size-full wp-image-3137\" alt=\"\" srcset=\"https:\/\/www.voltfer.es\/wp-content\/uploads\/2024\/05\/solar-hogar-1.jpg 1024w, https:\/\/www.voltfer.es\/wp-content\/uploads\/2024\/05\/solar-hogar-1-300x224.jpg 300w, https:\/\/www.voltfer.es\/wp-content\/uploads\/2024\/05\/solar-hogar-1-768x572.jpg 768w, https:\/\/www.voltfer.es\/wp-content\/uploads\/2024\/05\/solar-hogar-1-16x12.jpg 16w\" sizes=\"(max-width: 1024px) 100vw, 1024px\" \/>\t\t\t\t\t\t\t\t\t\t\t\t\t\t\t<\/div>\n\t\t\t\t<\/div>\n\t\t\t\t<\/div>\n\t\t\t\t\t<\/div>\n\t\t\t\t<\/div>\n\t\t<div class=\"elementor-element elementor-element-3e6bf6c elementor-hidden-desktop elementor-hidden-mobile e-flex e-con-boxed e-con e-parent\" data-id=\"3e6bf6c\" data-element_type=\"container\" data-settings=\"{&quot;background_background&quot;:&quot;classic&quot;}\">\n\t\t\t\t\t<div class=\"e-con-inner\">\n\t\t<div class=\"elementor-element elementor-element-f37d5b6 e-con-full e-flex e-con e-child\" data-id=\"f37d5b6\" data-element_type=\"container\">\n\t\t\t\t<div class=\"elementor-element elementor-element-9a67960 elementor-widget elementor-widget-heading\" data-id=\"9a67960\" data-element_type=\"widget\" data-widget_type=\"heading.default\">\n\t\t\t\t<div class=\"elementor-widget-container\">\n\t\t\t\t\t<h2 class=\"elementor-heading-title elementor-size-default\">01<\/h2>\t\t\t\t<\/div>\n\t\t\t\t<\/div>\n\t\t\t\t<div class=\"elementor-element elementor-element-16e8fe8 elementor-widget elementor-widget-heading\" data-id=\"16e8fe8\" data-element_type=\"widget\" data-widget_type=\"heading.default\">\n\t\t\t\t<div class=\"elementor-widget-container\">\n\t\t\t\t\t<h2 class=\"elementor-heading-title elementor-size-default\">Self-consumption industrial<\/h2>\t\t\t\t<\/div>\n\t\t\t\t<\/div>\n\t\t\t\t<div class=\"elementor-element elementor-element-7b5cb26 elementor-widget elementor-widget-text-editor\" data-id=\"7b5cb26\" data-element_type=\"widget\" data-widget_type=\"text-editor.default\">\n\t\t\t\t<div class=\"elementor-widget-container\">\n\t\t\t\t\t\t\t\t\t<p style=\"text-align: left;\" align=\"justify\"><span style=\"font-size: medium;\">In this segment, the solar farms are installed by Voltfer together account for a power higher than 10 MW. The firm maintains a leading position as a supplier of pv to the major companies of the productive fabric gallego. <\/span><\/p><p style=\"text-align: left;\" align=\"justify\"><span style=\"font-size: medium;\">The strength and projection of this division of the Group Alvari\u00f1o has been recognized in the Report Ard\u00e1n, developed by the Consorcio Zona Franca de Vigo, with the indicator \u2018Business Gazelle 2021\u2019 for its extraordinary growth in recent years, in which he has executed more than 300 facilities at the national level, both in companies and other large energy consumers.<\/span><\/p>\t\t\t\t\t\t\t\t<\/div>\n\t\t\t\t<\/div>\n\t\t\t\t<div class=\"elementor-element elementor-element-291d89a elementor-widget elementor-widget-heading\" data-id=\"291d89a\" data-element_type=\"widget\" data-widget_type=\"heading.default\">\n\t\t\t\t<div class=\"elementor-widget-container\">\n\t\t\t\t\t<h2 class=\"elementor-heading-title elementor-size-default\">The energy sustainability, as a factor of competitiveness and growth for the company<\/h2>\t\t\t\t<\/div>\n\t\t\t\t<\/div>\n\t\t\t\t<div class=\"elementor-element elementor-element-35326d1 elementor-widget elementor-widget-image\" data-id=\"35326d1\" data-element_type=\"widget\" data-widget_type=\"image.default\">\n\t\t\t\t<div class=\"elementor-widget-container\">\n\t\t\t\t\t\t\t\t\t\t\t\t\t\t\t<img decoding=\"async\" width=\"1024\" height=\"683\" src=\"https:\/\/www.voltfer.es\/wp-content\/uploads\/2023\/12\/hermosa-planta-energia-alternativa-paneles-solares-1024x683.jpg\" class=\"attachment-large size-large wp-image-1363\" alt=\"\" srcset=\"https:\/\/www.voltfer.es\/wp-content\/uploads\/2023\/12\/hermosa-planta-energia-alternativa-paneles-solares-1024x683.jpg 1024w, https:\/\/www.voltfer.es\/wp-content\/uploads\/2023\/12\/hermosa-planta-energia-alternativa-paneles-solares-300x200.jpg 300w, https:\/\/www.voltfer.es\/wp-content\/uploads\/2023\/12\/hermosa-planta-energia-alternativa-paneles-solares-768x512.jpg 768w, https:\/\/www.voltfer.es\/wp-content\/uploads\/2023\/12\/hermosa-planta-energia-alternativa-paneles-solares.jpg 1500w\" sizes=\"(max-width: 1024px) 100vw, 1024px\" \/>\t\t\t\t\t\t\t\t\t\t\t\t\t\t\t<\/div>\n\t\t\t\t<\/div>\n\t\t\t\t<\/div>\n\t\t\t\t\t<\/div>\n\t\t\t\t<\/div>\n\t\t<div class=\"elementor-element elementor-element-788173d e-flex e-con-boxed e-con e-parent\" data-id=\"788173d\" data-element_type=\"container\" id=\"energeticos\">\n\t\t\t\t\t<div class=\"e-con-inner\">\n\t\t<div class=\"elementor-element elementor-element-75fd3a9 e-con-full e-flex elementor-invisible e-con e-child\" data-id=\"75fd3a9\" data-element_type=\"container\" data-settings=\"{&quot;animation&quot;:&quot;fadeInLeft&quot;}\">\n\t\t\t\t<div class=\"elementor-element elementor-element-48ffea4 elementor-widget elementor-widget-image\" data-id=\"48ffea4\" data-element_type=\"widget\" data-widget_type=\"image.default\">\n\t\t\t\t<div class=\"elementor-widget-container\">\n\t\t\t\t\t\t\t\t\t\t\t\t\t\t\t<img decoding=\"async\" width=\"1500\" height=\"999\" src=\"https:\/\/www.voltfer.es\/wp-content\/uploads\/2024\/05\/placas-solares-viviendas-galicia.jpg\" class=\"attachment-full size-full wp-image-2955\" alt=\"\" srcset=\"https:\/\/www.voltfer.es\/wp-content\/uploads\/2024\/05\/placas-solares-viviendas-galicia.jpg 1500w, https:\/\/www.voltfer.es\/wp-content\/uploads\/2024\/05\/placas-solares-viviendas-galicia-300x200.jpg 300w, https:\/\/www.voltfer.es\/wp-content\/uploads\/2024\/05\/placas-solares-viviendas-galicia-1024x682.jpg 1024w, https:\/\/www.voltfer.es\/wp-content\/uploads\/2024\/05\/placas-solares-viviendas-galicia-768x511.jpg 768w, https:\/\/www.voltfer.es\/wp-content\/uploads\/2024\/05\/placas-solares-viviendas-galicia-18x12.jpg 18w\" sizes=\"(max-width: 1500px) 100vw, 1500px\" \/>\t\t\t\t\t\t\t\t\t\t\t\t\t\t\t<\/div>\n\t\t\t\t<\/div>\n\t\t\t\t<\/div>\n\t\t<div class=\"elementor-element elementor-element-1e2080e e-con-full e-flex elementor-invisible e-con e-child\" data-id=\"1e2080e\" data-element_type=\"container\" data-settings=\"{&quot;animation&quot;:&quot;fadeInRight&quot;}\">\n\t\t\t\t<div class=\"elementor-element elementor-element-5ee7e13 elementor-widget elementor-widget-heading\" data-id=\"5ee7e13\" data-element_type=\"widget\" data-widget_type=\"heading.default\">\n\t\t\t\t<div class=\"elementor-widget-container\">\n\t\t\t\t\t<h2 class=\"elementor-heading-title elementor-size-default\">02<\/h2>\t\t\t\t<\/div>\n\t\t\t\t<\/div>\n\t\t\t\t<div class=\"elementor-element elementor-element-1f553a0 elementor-widget elementor-widget-heading\" data-id=\"1f553a0\" data-element_type=\"widget\" data-widget_type=\"heading.default\">\n\t\t\t\t<div class=\"elementor-widget-container\">\n\t\t\t\t\t<h2 class=\"elementor-heading-title elementor-size-default\">Instalaci\u00f3n placas solares<\/h2>\t\t\t\t<\/div>\n\t\t\t\t<\/div>\n\t\t\t\t<div class=\"elementor-element elementor-element-60056ca elementor-widget elementor-widget-text-editor\" data-id=\"60056ca\" data-element_type=\"widget\" data-widget_type=\"text-editor.default\">\n\t\t\t\t<div class=\"elementor-widget-container\">\n\t\t\t\t\t\t\t\t\t<p>We develop photovoltaic installations for self-consumption turnkey for the residential sector, both in single-family homes as well as in communities of owners.<\/p>\t\t\t\t\t\t\t\t<\/div>\n\t\t\t\t<\/div>\n\t\t\t\t<div class=\"elementor-element elementor-element-a657a1b elementor-align-left elementor-widget elementor-widget-button\" data-id=\"a657a1b\" data-element_type=\"widget\" data-widget_type=\"button.default\">\n\t\t\t\t<div class=\"elementor-widget-container\">\n\t\t\t\t\t\t\t\t\t<div class=\"elementor-button-wrapper\">\n\t\t\t\t\t<a class=\"elementor-button elementor-button-link elementor-size-sm\" href=\"http:\/\/www.voltfer.es\/en\/servicios-2\/instalacion-placas-solares-vivendas-galicia\/\">\n\t\t\t\t\t\t<span class=\"elementor-button-content-wrapper\">\n\t\t\t\t\t\t\t\t\t<span class=\"elementor-button-text\">M\u00e1s informaci\u00f3n<\/span>\n\t\t\t\t\t<\/span>\n\t\t\t\t\t<\/a>\n\t\t\t\t<\/div>\n\t\t\t\t\t\t\t\t<\/div>\n\t\t\t\t<\/div>\n\t\t\t\t<\/div>\n\t\t\t\t\t<\/div>\n\t\t\t\t<\/div>\n\t\t<div class=\"elementor-element elementor-element-3782f70 elementor-hidden-desktop elementor-hidden-mobile e-flex e-con-boxed e-con e-parent\" data-id=\"3782f70\" data-element_type=\"container\" data-settings=\"{&quot;background_background&quot;:&quot;classic&quot;}\">\n\t\t\t\t\t<div class=\"e-con-inner\">\n\t\t<div class=\"elementor-element elementor-element-e4dc803 e-con-full e-flex e-con e-child\" data-id=\"e4dc803\" data-element_type=\"container\">\n\t\t<div class=\"elementor-element elementor-element-2ad6a33 e-con-full e-flex e-con e-child\" data-id=\"2ad6a33\" data-element_type=\"container\">\n\t\t\t\t<div class=\"elementor-element elementor-element-622b890 elementor-widget elementor-widget-heading\" data-id=\"622b890\" data-element_type=\"widget\" data-widget_type=\"heading.default\">\n\t\t\t\t<div class=\"elementor-widget-container\">\n\t\t\t\t\t<h2 class=\"elementor-heading-title elementor-size-default\">02<\/h2>\t\t\t\t<\/div>\n\t\t\t\t<\/div>\n\t\t\t\t<div class=\"elementor-element elementor-element-d28b527 elementor-widget elementor-widget-heading\" data-id=\"d28b527\" data-element_type=\"widget\" data-widget_type=\"heading.default\">\n\t\t\t\t<div class=\"elementor-widget-container\">\n\t\t\t\t\t<h2 class=\"elementor-heading-title elementor-size-default\">Energy services<\/h2>\t\t\t\t<\/div>\n\t\t\t\t<\/div>\n\t\t\t\t<div class=\"elementor-element elementor-element-15ad700 elementor-widget elementor-widget-text-editor\" data-id=\"15ad700\" data-element_type=\"widget\" data-widget_type=\"text-editor.default\">\n\t\t\t\t<div class=\"elementor-widget-container\">\n\t\t\t\t\t\t\t\t\tAs an Energy Services Company, Voltfer provides its customers with 100% renewable energy at a very competitive price.\n<br>\nIn this area, it offers also the mode of PPA (Power Purchase Agreement) so that the customer can benefit from a price of electricity is very advantageous without the need to assume the initial investment in the installation of self-consumption.\nVoltfer is in charge of the whole process for the application and processing of grants and subsidies.\t\t\t\t\t\t\t\t<\/div>\n\t\t\t\t<\/div>\n\t\t\t\t<div class=\"elementor-element elementor-element-2454713 elementor-hidden-desktop elementor-hidden-mobile elementor-widget elementor-widget-image\" data-id=\"2454713\" data-element_type=\"widget\" data-widget_type=\"image.default\">\n\t\t\t\t<div class=\"elementor-widget-container\">\n\t\t\t\t\t\t\t\t\t\t\t\t\t\t\t<img loading=\"lazy\" decoding=\"async\" width=\"1024\" height=\"683\" src=\"https:\/\/www.voltfer.es\/wp-content\/uploads\/2023\/12\/arreglo-paneles-solares-alto-angulo-1024x683.jpg\" class=\"attachment-large size-large wp-image-1368\" alt=\"\" srcset=\"https:\/\/www.voltfer.es\/wp-content\/uploads\/2023\/12\/arreglo-paneles-solares-alto-angulo-1024x683.jpg 1024w, https:\/\/www.voltfer.es\/wp-content\/uploads\/2023\/12\/arreglo-paneles-solares-alto-angulo-300x200.jpg 300w, https:\/\/www.voltfer.es\/wp-content\/uploads\/2023\/12\/arreglo-paneles-solares-alto-angulo-768x512.jpg 768w, https:\/\/www.voltfer.es\/wp-content\/uploads\/2023\/12\/arreglo-paneles-solares-alto-angulo.jpg 1500w\" sizes=\"(max-width: 1024px) 100vw, 1024px\" \/>\t\t\t\t\t\t\t\t\t\t\t\t\t\t\t<\/div>\n\t\t\t\t<\/div>\n\t\t\t\t<\/div>\n\t\t\t\t<\/div>\n\t\t\t\t\t<\/div>\n\t\t\t\t<\/div>\n\t\t<div class=\"elementor-element elementor-element-eab5cdd e-flex e-con-boxed e-con e-parent\" data-id=\"eab5cdd\" data-element_type=\"container\">\n\t\t\t\t\t<div class=\"e-con-inner\">\n\t\t<div class=\"elementor-element elementor-element-70e39a6 e-con-full e-flex elementor-invisible e-con e-child\" data-id=\"70e39a6\" data-element_type=\"container\" data-settings=\"{&quot;animation&quot;:&quot;fadeInLeft&quot;}\">\n\t\t\t\t<div class=\"elementor-element elementor-element-774efdd elementor-widget elementor-widget-heading\" data-id=\"774efdd\" data-element_type=\"widget\" data-widget_type=\"heading.default\">\n\t\t\t\t<div class=\"elementor-widget-container\">\n\t\t\t\t\t<h2 class=\"elementor-heading-title elementor-size-default\">03<\/h2>\t\t\t\t<\/div>\n\t\t\t\t<\/div>\n\t\t\t\t<div class=\"elementor-element elementor-element-3540cda elementor-widget elementor-widget-heading\" data-id=\"3540cda\" data-element_type=\"widget\" data-widget_type=\"heading.default\">\n\t\t\t\t<div class=\"elementor-widget-container\">\n\t\t\t\t\t<h2 class=\"elementor-heading-title elementor-size-default\">Subvenciones autoconsumo residencial<\/h2>\t\t\t\t<\/div>\n\t\t\t\t<\/div>\n\t\t\t\t<div class=\"elementor-element elementor-element-3212c29 elementor-widget elementor-widget-text-editor\" data-id=\"3212c29\" data-element_type=\"widget\" data-widget_type=\"text-editor.default\">\n\t\t\t\t<div class=\"elementor-widget-container\">\n\t\t\t\t\t\t\t\t\t<p>En los \u00faltimos a\u00f1os, el autoconsumo energ\u00e9tico ha ganado una relevancia significativa en el panorama residencial, impulsado por la necesidad de reducir las emisiones de gases de efecto invernadero y la dependencia de fuentes de energ\u00eda no renovables.<\/p><p>Las subvenciones para el autoconsumo residencial se han convertido en una herramienta clave para fomentar la adopci\u00f3n de tecnolog\u00edas sostenibles entre los propietarios de viviendas. Estas subvenciones no solo facilitan la inversi\u00f3n inicial en sistemas de energ\u00eda renovable, como los paneles solares, sino que tambi\u00e9n promueven un modelo energ\u00e9tico m\u00e1s sostenible y eficiente.<\/p>\t\t\t\t\t\t\t\t<\/div>\n\t\t\t\t<\/div>\n\t\t\t\t<div class=\"elementor-element elementor-element-4bc94a0 elementor-align-left elementor-widget elementor-widget-button\" data-id=\"4bc94a0\" data-element_type=\"widget\" data-widget_type=\"button.default\">\n\t\t\t\t<div class=\"elementor-widget-container\">\n\t\t\t\t\t\t\t\t\t<div class=\"elementor-button-wrapper\">\n\t\t\t\t\t<a class=\"elementor-button elementor-button-link elementor-size-sm\" href=\"http:\/\/www.voltfer.es\/en\/viviendas\/subvenciones-placas-solares-viviendas-galicia\/\">\n\t\t\t\t\t\t<span class=\"elementor-button-content-wrapper\">\n\t\t\t\t\t\t\t\t\t<span class=\"elementor-button-text\">M\u00e1s informaci\u00f3n<\/span>\n\t\t\t\t\t<\/span>\n\t\t\t\t\t<\/a>\n\t\t\t\t<\/div>\n\t\t\t\t\t\t\t\t<\/div>\n\t\t\t\t<\/div>\n\t\t\t\t<\/div>\n\t\t<div class=\"elementor-element elementor-element-637f02b e-con-full e-flex e-con e-child\" data-id=\"637f02b\" data-element_type=\"container\">\n\t\t\t\t<div class=\"elementor-element elementor-element-1b3d0d4 elementor-invisible elementor-widget elementor-widget-image\" data-id=\"1b3d0d4\" data-element_type=\"widget\" data-settings=\"{&quot;_animation&quot;:&quot;fadeInRight&quot;}\" data-widget_type=\"image.default\">\n\t\t\t\t<div class=\"elementor-widget-container\">\n\t\t\t\t\t\t\t\t\t\t\t\t\t\t\t<img loading=\"lazy\" decoding=\"async\" width=\"706\" height=\"437\" src=\"https:\/\/www.voltfer.es\/wp-content\/uploads\/2024\/05\/subvencion-placas-solares-residencial-1.jpg\" class=\"attachment-full size-full wp-image-3123\" alt=\"\" srcset=\"https:\/\/www.voltfer.es\/wp-content\/uploads\/2024\/05\/subvencion-placas-solares-residencial-1.jpg 706w, https:\/\/www.voltfer.es\/wp-content\/uploads\/2024\/05\/subvencion-placas-solares-residencial-1-300x186.jpg 300w, https:\/\/www.voltfer.es\/wp-content\/uploads\/2024\/05\/subvencion-placas-solares-residencial-1-18x12.jpg 18w\" sizes=\"(max-width: 706px) 100vw, 706px\" \/>\t\t\t\t\t\t\t\t\t\t\t\t\t\t\t<\/div>\n\t\t\t\t<\/div>\n\t\t\t\t<\/div>\n\t\t\t\t\t<\/div>\n\t\t\t\t<\/div>\n\t\t<div class=\"elementor-element elementor-element-6849065 elementor-hidden-desktop elementor-hidden-mobile e-flex e-con-boxed e-con e-parent\" data-id=\"6849065\" data-element_type=\"container\" data-settings=\"{&quot;background_background&quot;:&quot;classic&quot;}\">\n\t\t\t\t\t<div class=\"e-con-inner\">\n\t\t<div class=\"elementor-element elementor-element-984f1af e-con-full e-flex e-con e-child\" data-id=\"984f1af\" data-element_type=\"container\">\n\t\t\t\t<div class=\"elementor-element elementor-element-1996ea6 elementor-widget elementor-widget-heading\" data-id=\"1996ea6\" data-element_type=\"widget\" data-widget_type=\"heading.default\">\n\t\t\t\t<div class=\"elementor-widget-container\">\n\t\t\t\t\t<h2 class=\"elementor-heading-title elementor-size-default\">03<\/h2>\t\t\t\t<\/div>\n\t\t\t\t<\/div>\n\t\t\t\t<div class=\"elementor-element elementor-element-00a2c8f elementor-widget elementor-widget-heading\" data-id=\"00a2c8f\" data-element_type=\"widget\" data-widget_type=\"heading.default\">\n\t\t\t\t<div class=\"elementor-widget-container\">\n\t\t\t\t\t<h2 class=\"elementor-heading-title elementor-size-default\">Photovoltaic residential<\/h2>\t\t\t\t<\/div>\n\t\t\t\t<\/div>\n\t\t\t\t<div class=\"elementor-element elementor-element-b51a40c elementor-widget elementor-widget-text-editor\" data-id=\"b51a40c\" data-element_type=\"widget\" data-widget_type=\"text-editor.default\">\n\t\t\t\t<div class=\"elementor-widget-container\">\n\t\t\t\t\t\t\t\t\t<p style=\"text-align: left;\">We develop photovoltaic installations for self-consumption turnkey for the residential sector, both in single-family homes as well as in communities of owners.<\/p>\t\t\t\t\t\t\t\t<\/div>\n\t\t\t\t<\/div>\n\t\t\t\t<div class=\"elementor-element elementor-element-65ca75e elementor-widget elementor-widget-image\" data-id=\"65ca75e\" data-element_type=\"widget\" data-widget_type=\"image.default\">\n\t\t\t\t<div class=\"elementor-widget-container\">\n\t\t\t\t\t\t\t\t\t\t\t\t\t\t\t<img loading=\"lazy\" decoding=\"async\" width=\"1024\" height=\"682\" src=\"https:\/\/www.voltfer.es\/wp-content\/uploads\/2023\/12\/vista-aerea-casa-privada-paneles-solares-techo-1024x682.jpg\" class=\"attachment-large size-large wp-image-1369\" alt=\"\" srcset=\"https:\/\/www.voltfer.es\/wp-content\/uploads\/2023\/12\/vista-aerea-casa-privada-paneles-solares-techo-1024x682.jpg 1024w, https:\/\/www.voltfer.es\/wp-content\/uploads\/2023\/12\/vista-aerea-casa-privada-paneles-solares-techo-300x200.jpg 300w, https:\/\/www.voltfer.es\/wp-content\/uploads\/2023\/12\/vista-aerea-casa-privada-paneles-solares-techo-768x511.jpg 768w, https:\/\/www.voltfer.es\/wp-content\/uploads\/2023\/12\/vista-aerea-casa-privada-paneles-solares-techo.jpg 1500w\" sizes=\"(max-width: 1024px) 100vw, 1024px\" \/>\t\t\t\t\t\t\t\t\t\t\t\t\t\t\t<\/div>\n\t\t\t\t<\/div>\n\t\t\t\t<\/div>\n\t\t\t\t\t<\/div>\n\t\t\t\t<\/div>\n\t\t<div class=\"elementor-element elementor-element-3bacf33 e-flex e-con-boxed e-con e-parent\" data-id=\"3bacf33\" data-element_type=\"container\">\n\t\t\t\t\t<div class=\"e-con-inner\">\n\t\t<div class=\"elementor-element elementor-element-15cd9c6 e-con-full e-flex elementor-invisible e-con e-child\" data-id=\"15cd9c6\" data-element_type=\"container\" data-settings=\"{&quot;animation&quot;:&quot;fadeInLeft&quot;}\">\n\t\t\t\t<div class=\"elementor-element elementor-element-8074ec1 elementor-widget elementor-widget-image\" data-id=\"8074ec1\" data-element_type=\"widget\" data-widget_type=\"image.default\">\n\t\t\t\t<div class=\"elementor-widget-container\">\n\t\t\t\t\t\t\t\t\t\t\t\t\t\t\t\t<a href=\"http:\/\/www.voltfer.es\/en\/viviendas\/instalacion-cargadores-vehiculos-electricos-viviendas-galicia\/\">\n\t\t\t\t\t\t\t<img loading=\"lazy\" decoding=\"async\" width=\"800\" height=\"533\" src=\"https:\/\/www.voltfer.es\/wp-content\/uploads\/2024\/05\/cargador-coche-electrico-galicia.jpg\" class=\"attachment-full size-full wp-image-3127\" alt=\"\" srcset=\"https:\/\/www.voltfer.es\/wp-content\/uploads\/2024\/05\/cargador-coche-electrico-galicia.jpg 800w, https:\/\/www.voltfer.es\/wp-content\/uploads\/2024\/05\/cargador-coche-electrico-galicia-300x200.jpg 300w, https:\/\/www.voltfer.es\/wp-content\/uploads\/2024\/05\/cargador-coche-electrico-galicia-768x512.jpg 768w, https:\/\/www.voltfer.es\/wp-content\/uploads\/2024\/05\/cargador-coche-electrico-galicia-18x12.jpg 18w\" sizes=\"(max-width: 800px) 100vw, 800px\" \/>\t\t\t\t\t\t\t\t<\/a>\n\t\t\t\t\t\t\t\t\t\t\t\t\t\t\t<\/div>\n\t\t\t\t<\/div>\n\t\t\t\t<\/div>\n\t\t<div class=\"elementor-element elementor-element-341df57 e-con-full e-flex elementor-invisible e-con e-child\" data-id=\"341df57\" data-element_type=\"container\" data-settings=\"{&quot;animation&quot;:&quot;fadeInRight&quot;}\">\n\t\t\t\t<div class=\"elementor-element elementor-element-be8dd7f elementor-widget elementor-widget-heading\" data-id=\"be8dd7f\" data-element_type=\"widget\" data-widget_type=\"heading.default\">\n\t\t\t\t<div class=\"elementor-widget-container\">\n\t\t\t\t\t<h2 class=\"elementor-heading-title elementor-size-default\">04<\/h2>\t\t\t\t<\/div>\n\t\t\t\t<\/div>\n\t\t\t\t<div class=\"elementor-element elementor-element-4f9c842 elementor-widget elementor-widget-heading\" data-id=\"4f9c842\" data-element_type=\"widget\" data-widget_type=\"heading.default\">\n\t\t\t\t<div class=\"elementor-widget-container\">\n\t\t\t\t\t<h2 class=\"elementor-heading-title elementor-size-default\">Instalaci\u00f3n de cargadores para veh\u00edculos el\u00e9ctricos<\/h2>\t\t\t\t<\/div>\n\t\t\t\t<\/div>\n\t\t\t\t<div class=\"elementor-element elementor-element-956b82b elementor-widget elementor-widget-text-editor\" data-id=\"956b82b\" data-element_type=\"widget\" data-widget_type=\"text-editor.default\">\n\t\t\t\t<div class=\"elementor-widget-container\">\n\t\t\t\t\t\t\t\t\t<p>La transici\u00f3n hacia la movilidad el\u00e9ctrica est\u00e1 en pleno apogeo, y con ella, la necesidad de infraestructuras de carga adecuadas para veh\u00edculos el\u00e9ctricos (VE) se ha vuelto esencial. La instalaci\u00f3n de cargadores para veh\u00edculos el\u00e9ctricos en viviendas particulares no solo facilita la adopci\u00f3n de esta tecnolog\u00eda, sino que tambi\u00e9n ofrece comodidad y eficiencia a los propietarios de estos veh\u00edculos.<\/p>\t\t\t\t\t\t\t\t<\/div>\n\t\t\t\t<\/div>\n\t\t\t\t<div class=\"elementor-element elementor-element-2d6cb75 elementor-align-left elementor-widget elementor-widget-button\" data-id=\"2d6cb75\" data-element_type=\"widget\" data-widget_type=\"button.default\">\n\t\t\t\t<div class=\"elementor-widget-container\">\n\t\t\t\t\t\t\t\t\t<div class=\"elementor-button-wrapper\">\n\t\t\t\t\t<a class=\"elementor-button elementor-button-link elementor-size-sm\" href=\"http:\/\/www.voltfer.es\/en\/viviendas\/instalacion-cargadores-vehiculos-electricos-viviendas-galicia\/\">\n\t\t\t\t\t\t<span class=\"elementor-button-content-wrapper\">\n\t\t\t\t\t\t\t\t\t<span class=\"elementor-button-text\">M\u00e1s informaci\u00f3n<\/span>\n\t\t\t\t\t<\/span>\n\t\t\t\t\t<\/a>\n\t\t\t\t<\/div>\n\t\t\t\t\t\t\t\t<\/div>\n\t\t\t\t<\/div>\n\t\t\t\t<\/div>\n\t\t\t\t\t<\/div>\n\t\t\t\t<\/div>\n\t\t<div class=\"elementor-element elementor-element-e37d0de elementor-hidden-desktop elementor-hidden-mobile e-flex e-con-boxed e-con e-parent\" data-id=\"e37d0de\" data-element_type=\"container\" data-settings=\"{&quot;background_background&quot;:&quot;classic&quot;}\">\n\t\t\t\t\t<div class=\"e-con-inner\">\n\t\t<div class=\"elementor-element elementor-element-8902927 e-con-full e-flex e-con e-child\" data-id=\"8902927\" data-element_type=\"container\">\n\t\t<div class=\"elementor-element elementor-element-aa61527 e-con-full e-flex e-con e-child\" data-id=\"aa61527\" data-element_type=\"container\">\n\t\t\t\t<div class=\"elementor-element elementor-element-5a73639 elementor-widget elementor-widget-heading\" data-id=\"5a73639\" data-element_type=\"widget\" data-widget_type=\"heading.default\">\n\t\t\t\t<div class=\"elementor-widget-container\">\n\t\t\t\t\t<h2 class=\"elementor-heading-title elementor-size-default\">04<\/h2>\t\t\t\t<\/div>\n\t\t\t\t<\/div>\n\t\t\t\t<div class=\"elementor-element elementor-element-6bb8dc3 elementor-widget elementor-widget-heading\" data-id=\"6bb8dc3\" data-element_type=\"widget\" data-widget_type=\"heading.default\">\n\t\t\t\t<div class=\"elementor-widget-container\">\n\t\t\t\t\t<h2 class=\"elementor-heading-title elementor-size-default\">Electric mobility<\/h2>\t\t\t\t<\/div>\n\t\t\t\t<\/div>\n\t\t\t\t<div class=\"elementor-element elementor-element-5e10041 elementor-widget elementor-widget-text-editor\" data-id=\"5e10041\" data-element_type=\"widget\" data-widget_type=\"text-editor.default\">\n\t\t\t\t<div class=\"elementor-widget-container\">\n\t\t\t\t\t\t\t\t\t<p style=\"text-align: left;\">Both for the residential segment, companies, renewable energies and photovoltaics are essential in the jump to the new model of electric mobility imposed by the ecological transition. Therefore, in Voltfer we include in our portfolio of services for the installation of chargers for electric vehicles.<\/p>\t\t\t\t\t\t\t\t<\/div>\n\t\t\t\t<\/div>\n\t\t\t\t<div class=\"elementor-element elementor-element-c4e0e59 elementor-widget elementor-widget-image\" data-id=\"c4e0e59\" data-element_type=\"widget\" data-widget_type=\"image.default\">\n\t\t\t\t<div class=\"elementor-widget-container\">\n\t\t\t\t\t\t\t\t\t\t\t\t\t\t\t<img loading=\"lazy\" decoding=\"async\" width=\"1024\" height=\"683\" src=\"https:\/\/www.voltfer.es\/wp-content\/uploads\/2023\/12\/mujer-borrosa-vista-lateral-esperando-cerca-coche-1024x683.jpg\" class=\"attachment-large size-large wp-image-1371\" alt=\"\" srcset=\"https:\/\/www.voltfer.es\/wp-content\/uploads\/2023\/12\/mujer-borrosa-vista-lateral-esperando-cerca-coche-1024x683.jpg 1024w, https:\/\/www.voltfer.es\/wp-content\/uploads\/2023\/12\/mujer-borrosa-vista-lateral-esperando-cerca-coche-300x200.jpg 300w, https:\/\/www.voltfer.es\/wp-content\/uploads\/2023\/12\/mujer-borrosa-vista-lateral-esperando-cerca-coche-768x512.jpg 768w, https:\/\/www.voltfer.es\/wp-content\/uploads\/2023\/12\/mujer-borrosa-vista-lateral-esperando-cerca-coche.jpg 1500w\" sizes=\"(max-width: 1024px) 100vw, 1024px\" \/>\t\t\t\t\t\t\t\t\t\t\t\t\t\t\t<\/div>\n\t\t\t\t<\/div>\n\t\t\t\t<\/div>\n\t\t\t\t<\/div>\n\t\t\t\t\t<\/div>\n\t\t\t\t<\/div>\n\t\t<div class=\"elementor-element elementor-element-1ec6d8a elementor-hidden-desktop elementor-hidden-mobile e-flex e-con-boxed e-con e-parent\" data-id=\"1ec6d8a\" data-element_type=\"container\" data-settings=\"{&quot;background_background&quot;:&quot;classic&quot;}\">\n\t\t\t\t\t<div class=\"e-con-inner\">\n\t\t<div class=\"elementor-element elementor-element-010a04c e-con-full e-flex e-con e-child\" data-id=\"010a04c\" data-element_type=\"container\">\n\t\t\t\t<div class=\"elementor-element elementor-element-9008cc6 elementor-widget elementor-widget-heading\" data-id=\"9008cc6\" data-element_type=\"widget\" data-widget_type=\"heading.default\">\n\t\t\t\t<div class=\"elementor-widget-container\">\n\t\t\t\t\t<h2 class=\"elementor-heading-title elementor-size-default\">05<\/h2>\t\t\t\t<\/div>\n\t\t\t\t<\/div>\n\t\t\t\t<div class=\"elementor-element elementor-element-0d12bf9 elementor-widget elementor-widget-heading\" data-id=\"0d12bf9\" data-element_type=\"widget\" data-widget_type=\"heading.default\">\n\t\t\t\t<div class=\"elementor-widget-container\">\n\t\t\t\t\t<h2 class=\"elementor-heading-title elementor-size-default\">Energy consulting<\/h2>\t\t\t\t<\/div>\n\t\t\t\t<\/div>\n\t\t\t\t<div class=\"elementor-element elementor-element-32135e6 elementor-widget elementor-widget-text-editor\" data-id=\"32135e6\" data-element_type=\"widget\" data-widget_type=\"text-editor.default\">\n\t\t\t\t<div class=\"elementor-widget-container\">\n\t\t\t\t\t\t\t\t\t<p style=\"text-align: left;\">The energy efficiency is key to the competitiveness of companies. Produce better means to do it with the least energy consumption and maximum sustainability.\nThis can only be achieved in one way: by measuring and controlling the consumption of goods, equipment, and processes.\nIn Voltfer we help you by reviewing your bills, monitor your consumption, detecting consumption anomalous, penalties avoidable, by adjusting your contracted power, and above all, making more efficient your facilities and processes. <br>In addition, we put at your disposal to an energy advisory staff to answer all your questions.<\/p>\t\t\t\t\t\t\t\t<\/div>\n\t\t\t\t<\/div>\n\t\t\t\t<div class=\"elementor-element elementor-element-c2d6df9 elementor-widget elementor-widget-image\" data-id=\"c2d6df9\" data-element_type=\"widget\" data-widget_type=\"image.default\">\n\t\t\t\t<div class=\"elementor-widget-container\">\n\t\t\t\t\t\t\t\t\t\t\t\t\t\t\t<img loading=\"lazy\" decoding=\"async\" width=\"1000\" height=\"667\" src=\"https:\/\/www.voltfer.es\/wp-content\/uploads\/2023\/12\/hombre-casco-blanco-cerca-panel-solar.jpg\" class=\"attachment-large size-large wp-image-1584\" alt=\"\" srcset=\"https:\/\/www.voltfer.es\/wp-content\/uploads\/2023\/12\/hombre-casco-blanco-cerca-panel-solar.jpg 1000w, https:\/\/www.voltfer.es\/wp-content\/uploads\/2023\/12\/hombre-casco-blanco-cerca-panel-solar-300x200.jpg 300w, https:\/\/www.voltfer.es\/wp-content\/uploads\/2023\/12\/hombre-casco-blanco-cerca-panel-solar-768x512.jpg 768w\" sizes=\"(max-width: 1000px) 100vw, 1000px\" \/>\t\t\t\t\t\t\t\t\t\t\t\t\t\t\t<\/div>\n\t\t\t\t<\/div>\n\t\t\t\t<\/div>\n\t\t\t\t\t<\/div>\n\t\t\t\t<\/div>\n\t\t\t\t<\/div>","protected":false},"excerpt":{"rendered":"<p>Viviendas Somos especialistas en el dise\u00f1o e implantaci\u00f3n de instalaciones fotovoltaicas de autoconsumo para viviendas y particulares. 01 Autoconsumo fotovoltaico residencial La energ\u00eda fotovoltaica residencial es una forma cada vez m\u00e1s popular de generar electricidad en los hogares utilizando paneles solares instalados en techos u otras \u00e1reas de la propiedad. Esta tecnolog\u00eda aprovecha la energ\u00eda [&hellip;]<\/p>","protected":false},"author":1,"featured_media":0,"parent":0,"menu_order":0,"comment_status":"closed","ping_status":"closed","template":"","meta":{"site-sidebar-layout":"no-sidebar","site-content-layout":"page-builder","ast-site-content-layout":"full-width-container","site-content-style":"unboxed","site-sidebar-style":"unboxed","ast-global-header-display":"","ast-banner-title-visibility":"","ast-main-header-display":"","ast-hfb-above-header-display":"","ast-hfb-below-header-display":"","ast-hfb-mobile-header-display":"","site-post-title":"disabled","ast-breadcrumbs-content":"disabled","ast-featured-img":"disabled","footer-sml-layout":"","theme-transparent-header-meta":"enabled","adv-header-id-meta":"","stick-header-meta":"","header-above-stick-meta":"","header-main-stick-meta":"","header-below-stick-meta":"","astra-migrate-meta-layouts":"set","ast-page-background-enabled":"default","ast-page-background-meta":{"desktop":{"background-color":"","background-image":"","background-repeat":"repeat","background-position":"center center","background-size":"auto","background-attachment":"scroll","background-type":"","background-media":"","overlay-type":"","overlay-color":"","overlay-opacity":"","overlay-gradient":""},"tablet":{"background-color":"","background-image":"","background-repeat":"repeat","background-position":"center center","background-size":"auto","background-attachment":"scroll","background-type":"","background-media":"","overlay-type":"","overlay-color":"","overlay-opacity":"","overlay-gradient":""},"mobile":{"background-color":"","background-image":"","background-repeat":"repeat","background-position":"center center","background-size":"auto","background-attachment":"scroll","background-type":"","background-media":"","overlay-type":"","overlay-color":"","overlay-opacity":"","overlay-gradient":""}},"ast-content-background-meta":{"desktop":{"background-color":"var(--ast-global-color-5)","background-image":"","background-repeat":"repeat","background-position":"center center","background-size":"auto","background-attachment":"scroll","background-type":"","background-media":"","overlay-type":"","overlay-color":"","overlay-opacity":"","overlay-gradient":""},"tablet":{"background-color":"var(--ast-global-color-5)","background-image":"","background-repeat":"repeat","background-position":"center center","background-size":"auto","background-attachment":"scroll","background-type":"","background-media":"","overlay-type":"","overlay-color":"","overlay-opacity":"","overlay-gradient":""},"mobile":{"background-color":"var(--ast-global-color-5)","background-image":"","background-repeat":"repeat","background-position":"center center","background-size":"auto","background-attachment":"scroll","background-type":"","background-media":"","overlay-type":"","overlay-color":"","overlay-opacity":"","overlay-gradient":""}},"footnotes":""},"class_list":["post-2950","page","type-page","status-publish","hentry"],"yoast_head":"<!-- This site is optimized with the Yoast SEO plugin v25.4 - https:\/\/yoast.com\/wordpress\/plugins\/seo\/ -->\n<title>Instalaciones fotovoltaicas para viviendas y casas en Galicia<\/title>\n<meta name=\"description\" content=\"Dise\u00f1o e implantaci\u00f3n de instalaciones fotovoltaicas de autoconsumo para viviendas y particulares en Galicia.\" \/>\n<meta name=\"robots\" content=\"index, follow, max-snippet:-1, max-image-preview:large, max-video-preview:-1\" \/>\n<link rel=\"canonical\" href=\"https:\/\/www.voltfer.es\/en\/viviendas\/\" \/>\n<meta property=\"og:locale\" content=\"en_US\" \/>\n<meta property=\"og:type\" content=\"article\" \/>\n<meta property=\"og:title\" content=\"Instalaciones fotovoltaicas para viviendas y casas en Galicia\" \/>\n<meta property=\"og:description\" content=\"Dise\u00f1o e implantaci\u00f3n de instalaciones fotovoltaicas de autoconsumo para viviendas y particulares en Galicia.\" \/>\n<meta property=\"og:url\" content=\"https:\/\/www.voltfer.es\/en\/viviendas\/\" \/>\n<meta property=\"og:site_name\" content=\"Energ\u00eda Eficiente | Voltfer\" \/>\n<meta property=\"article:modified_time\" content=\"2025-08-26T08:06:49+00:00\" \/>\n<meta property=\"og:image\" content=\"http:\/\/www.voltfer.es\/wp-content\/uploads\/2024\/05\/solar-hogar-1.jpg\" \/>\n<meta name=\"twitter:card\" content=\"summary_large_image\" \/>\n<meta name=\"twitter:label1\" content=\"Est. reading time\" \/>\n\t<meta name=\"twitter:data1\" content=\"5 minutes\" \/>\n<script type=\"application\/ld+json\" class=\"yoast-schema-graph\">{\"@context\":\"https:\/\/schema.org\",\"@graph\":[{\"@type\":\"WebPage\",\"@id\":\"https:\/\/www.voltfer.es\/en\/viviendas\/\",\"url\":\"https:\/\/www.voltfer.es\/en\/viviendas\/\",\"name\":\"Instalaciones fotovoltaicas para viviendas y casas en Galicia\",\"isPartOf\":{\"@id\":\"http:\/\/www.voltfer.es\/#website\"},\"primaryImageOfPage\":{\"@id\":\"https:\/\/www.voltfer.es\/en\/viviendas\/#primaryimage\"},\"image\":{\"@id\":\"https:\/\/www.voltfer.es\/en\/viviendas\/#primaryimage\"},\"thumbnailUrl\":\"http:\/\/www.voltfer.es\/wp-content\/uploads\/2024\/05\/solar-hogar-1.jpg\",\"datePublished\":\"2024-05-09T22:17:02+00:00\",\"dateModified\":\"2025-08-26T08:06:49+00:00\",\"description\":\"Dise\u00f1o e implantaci\u00f3n de instalaciones fotovoltaicas de autoconsumo para viviendas y particulares en Galicia.\",\"breadcrumb\":{\"@id\":\"https:\/\/www.voltfer.es\/en\/viviendas\/#breadcrumb\"},\"inLanguage\":\"en-US\",\"potentialAction\":[{\"@type\":\"ReadAction\",\"target\":[\"https:\/\/www.voltfer.es\/en\/viviendas\/\"]}]},{\"@type\":\"ImageObject\",\"inLanguage\":\"en-US\",\"@id\":\"https:\/\/www.voltfer.es\/en\/viviendas\/#primaryimage\",\"url\":\"http:\/\/www.voltfer.es\/wp-content\/uploads\/2024\/05\/solar-hogar-1.jpg\",\"contentUrl\":\"http:\/\/www.voltfer.es\/wp-content\/uploads\/2024\/05\/solar-hogar-1.jpg\"},{\"@type\":\"BreadcrumbList\",\"@id\":\"https:\/\/www.voltfer.es\/en\/viviendas\/#breadcrumb\",\"itemListElement\":[{\"@type\":\"ListItem\",\"position\":1,\"name\":\"Portada\",\"item\":\"http:\/\/www.voltfer.es\/\"},{\"@type\":\"ListItem\",\"position\":2,\"name\":\"Viviendas\"}]},{\"@type\":\"WebSite\",\"@id\":\"http:\/\/www.voltfer.es\/#website\",\"url\":\"http:\/\/www.voltfer.es\/\",\"name\":\"Energ\u00eda Eficiente | Voltfer\",\"description\":\"Keeping you Cool, in Every Step\",\"publisher\":{\"@id\":\"http:\/\/www.voltfer.es\/#organization\"},\"potentialAction\":[{\"@type\":\"SearchAction\",\"target\":{\"@type\":\"EntryPoint\",\"urlTemplate\":\"http:\/\/www.voltfer.es\/?s={search_term_string}\"},\"query-input\":{\"@type\":\"PropertyValueSpecification\",\"valueRequired\":true,\"valueName\":\"search_term_string\"}}],\"inLanguage\":\"en-US\"},{\"@type\":\"Organization\",\"@id\":\"http:\/\/www.voltfer.es\/#organization\",\"name\":\"Voltfer\",\"url\":\"http:\/\/www.voltfer.es\/\",\"logo\":{\"@type\":\"ImageObject\",\"inLanguage\":\"en-US\",\"@id\":\"http:\/\/www.voltfer.es\/#\/schema\/logo\/image\/\",\"url\":\"https:\/\/www.voltfer.es\/wp-content\/uploads\/2017\/04\/Voltferlogo.png\",\"contentUrl\":\"https:\/\/www.voltfer.es\/wp-content\/uploads\/2017\/04\/Voltferlogo.png\",\"width\":500,\"height\":185,\"caption\":\"Voltfer\"},\"image\":{\"@id\":\"http:\/\/www.voltfer.es\/#\/schema\/logo\/image\/\"}}]}<\/script>\n<!-- \/ Yoast SEO plugin. -->","yoast_head_json":{"title":"Instalaciones fotovoltaicas para viviendas y casas en Galicia","description":"Dise\u00f1o e implantaci\u00f3n de instalaciones fotovoltaicas de autoconsumo para viviendas y particulares en Galicia.","robots":{"index":"index","follow":"follow","max-snippet":"max-snippet:-1","max-image-preview":"max-image-preview:large","max-video-preview":"max-video-preview:-1"},"canonical":"https:\/\/www.voltfer.es\/en\/viviendas\/","og_locale":"en_US","og_type":"article","og_title":"Instalaciones fotovoltaicas para viviendas y casas en Galicia","og_description":"Dise\u00f1o e implantaci\u00f3n de instalaciones fotovoltaicas de autoconsumo para viviendas y particulares en Galicia.","og_url":"https:\/\/www.voltfer.es\/en\/viviendas\/","og_site_name":"Energ\u00eda Eficiente | Voltfer","article_modified_time":"2025-08-26T08:06:49+00:00","og_image":[{"url":"http:\/\/www.voltfer.es\/wp-content\/uploads\/2024\/05\/solar-hogar-1.jpg","type":"","width":"","height":""}],"twitter_card":"summary_large_image","twitter_misc":{"Est. reading time":"5 minutes"},"schema":{"@context":"https:\/\/schema.org","@graph":[{"@type":"WebPage","@id":"https:\/\/www.voltfer.es\/en\/viviendas\/","url":"https:\/\/www.voltfer.es\/en\/viviendas\/","name":"Instalaciones fotovoltaicas para viviendas y casas en Galicia","isPartOf":{"@id":"http:\/\/www.voltfer.es\/#website"},"primaryImageOfPage":{"@id":"https:\/\/www.voltfer.es\/en\/viviendas\/#primaryimage"},"image":{"@id":"https:\/\/www.voltfer.es\/en\/viviendas\/#primaryimage"},"thumbnailUrl":"http:\/\/www.voltfer.es\/wp-content\/uploads\/2024\/05\/solar-hogar-1.jpg","datePublished":"2024-05-09T22:17:02+00:00","dateModified":"2025-08-26T08:06:49+00:00","description":"Dise\u00f1o e implantaci\u00f3n de instalaciones fotovoltaicas de autoconsumo para viviendas y particulares en Galicia.","breadcrumb":{"@id":"https:\/\/www.voltfer.es\/en\/viviendas\/#breadcrumb"},"inLanguage":"en-US","potentialAction":[{"@type":"ReadAction","target":["https:\/\/www.voltfer.es\/en\/viviendas\/"]}]},{"@type":"ImageObject","inLanguage":"en-US","@id":"https:\/\/www.voltfer.es\/en\/viviendas\/#primaryimage","url":"http:\/\/www.voltfer.es\/wp-content\/uploads\/2024\/05\/solar-hogar-1.jpg","contentUrl":"http:\/\/www.voltfer.es\/wp-content\/uploads\/2024\/05\/solar-hogar-1.jpg"},{"@type":"BreadcrumbList","@id":"https:\/\/www.voltfer.es\/en\/viviendas\/#breadcrumb","itemListElement":[{"@type":"ListItem","position":1,"name":"Portada","item":"http:\/\/www.voltfer.es\/"},{"@type":"ListItem","position":2,"name":"Viviendas"}]},{"@type":"WebSite","@id":"http:\/\/www.voltfer.es\/#website","url":"http:\/\/www.voltfer.es\/","name":"Energ\u00eda Eficiente | Voltfer","description":"Keeping you Cool, in Every Step","publisher":{"@id":"http:\/\/www.voltfer.es\/#organization"},"potentialAction":[{"@type":"SearchAction","target":{"@type":"EntryPoint","urlTemplate":"http:\/\/www.voltfer.es\/?s={search_term_string}"},"query-input":{"@type":"PropertyValueSpecification","valueRequired":true,"valueName":"search_term_string"}}],"inLanguage":"en-US"},{"@type":"Organization","@id":"http:\/\/www.voltfer.es\/#organization","name":"Voltfer","url":"http:\/\/www.voltfer.es\/","logo":{"@type":"ImageObject","inLanguage":"en-US","@id":"http:\/\/www.voltfer.es\/#\/schema\/logo\/image\/","url":"https:\/\/www.voltfer.es\/wp-content\/uploads\/2017\/04\/Voltferlogo.png","contentUrl":"https:\/\/www.voltfer.es\/wp-content\/uploads\/2017\/04\/Voltferlogo.png","width":500,"height":185,"caption":"Voltfer"},"image":{"@id":"http:\/\/www.voltfer.es\/#\/schema\/logo\/image\/"}}]}},"_links":{"self":[{"href":"https:\/\/www.voltfer.es\/en\/wp-json\/wp\/v2\/pages\/2950","targetHints":{"allow":["GET"]}}],"collection":[{"href":"https:\/\/www.voltfer.es\/en\/wp-json\/wp\/v2\/pages"}],"about":[{"href":"https:\/\/www.voltfer.es\/en\/wp-json\/wp\/v2\/types\/page"}],"author":[{"embeddable":true,"href":"https:\/\/www.voltfer.es\/en\/wp-json\/wp\/v2\/users\/1"}],"replies":[{"embeddable":true,"href":"https:\/\/www.voltfer.es\/en\/wp-json\/wp\/v2\/comments?post=2950"}],"version-history":[{"count":76,"href":"https:\/\/www.voltfer.es\/en\/wp-json\/wp\/v2\/pages\/2950\/revisions"}],"predecessor-version":[{"id":3545,"href":"https:\/\/www.voltfer.es\/en\/wp-json\/wp\/v2\/pages\/2950\/revisions\/3545"}],"wp:attachment":[{"href":"https:\/\/www.voltfer.es\/en\/wp-json\/wp\/v2\/media?parent=2950"}],"curies":[{"name":"wp","href":"https:\/\/api.w.org\/{rel}","templated":true}]}}